{"id":7690,"date":"2025-05-06T10:09:39","date_gmt":"2025-05-06T08:09:39","guid":{"rendered":"https:\/\/www.deesonosehabla.com\/ed2025\/season-1\/transcripcion-el-hijo-del-aleman\/"},"modified":"2025-05-27T20:52:35","modified_gmt":"2025-05-27T18:52:35","slug":"transcript-the-germans-son","status":"publish","type":"page","link":"https:\/\/www.deesonosehabla.com\/en\/season-1\/transcript-the-germans-son\/","title":{"rendered":"Transcript &#8220;The german\u00b4s son&#8221;"},"content":{"rendered":"[vc_row type=&#8221;full_width_background&#8221; full_screen_row_position=&#8221;middle&#8221; column_margin=&#8221;80px&#8221; column_direction=&#8221;default&#8221; column_direction_tablet=&#8221;default&#8221; column_direction_phone=&#8221;default&#8221; bg_image=&#8221;7220&#8243; bg_position=&#8221;center top&#8221; background_image_loading=&#8221;lazy-load&#8221; bg_repeat=&#8221;repeat&#8221; scene_position=&#8221;center&#8221; top_padding=&#8221;2%&#8221; constrain_group_1=&#8221;yes&#8221; bottom_padding=&#8221;2%&#8221; constrain_group_2=&#8221;yes&#8221; top_padding_phone=&#8221;60&#8243; text_color=&#8221;dark&#8221; text_align=&#8221;left&#8221; row_border_radius=&#8221;none&#8221; row_border_radius_applies=&#8221;bg&#8221; overflow=&#8221;visible&#8221; enable_gradient=&#8221;true&#8221; color_overlay=&#8221;#ffffff&#8221; color_overlay_2=&#8221;#ffffff&#8221; advanced_gradient_angle=&#8221;0&#8243; overlay_strength=&#8221;0.8&#8243; gradient_direction=&#8221;top_to_bottom&#8221; shape_divider_position=&#8221;bottom&#8221; bg_image_animation=&#8221;none&#8221; gradient_type=&#8221;default&#8221; shape_type=&#8221;&#8221;][vc_column column_padding=&#8221;no-extra-padding&#8221; column_padding_tablet=&#8221;inherit&#8221; column_padding_phone=&#8221;inherit&#8221; column_padding_position=&#8221;all&#8221; column_element_direction_desktop=&#8221;default&#8221; column_element_spacing=&#8221;default&#8221; desktop_text_alignment=&#8221;default&#8221; tablet_text_alignment=&#8221;default&#8221; phone_text_alignment=&#8221;default&#8221; background_color_opacity=&#8221;1&#8243; background_hover_color_opacity=&#8221;1&#8243; column_backdrop_filter=&#8221;none&#8221; column_shadow=&#8221;none&#8221; column_border_radius=&#8221;none&#8221; column_link_target=&#8221;_self&#8221; column_position=&#8221;relative&#8221; advanced_gradient_angle=&#8221;180&#8243; width=&#8221;1\/1&#8243; tablet_width_inherit=&#8221;default&#8221; animation_type=&#8221;default&#8221; bg_image_animation=&#8221;none&#8221; border_type=&#8221;simple&#8221; column_border_width=&#8221;none&#8221; column_border_style=&#8221;solid&#8221; gradient_type=&#8221;advanced&#8221; advanced_gradient_display_type=&#8221;linear&#8221; column_padding_type=&#8221;default&#8221;][vc_row_inner column_margin=&#8221;none&#8221; column_direction=&#8221;default&#8221; column_direction_tablet=&#8221;default&#8221; column_direction_phone=&#8221;default&#8221; text_align=&#8221;left&#8221; row_position=&#8221;default&#8221; row_position_tablet=&#8221;inherit&#8221; row_position_phone=&#8221;inherit&#8221; overflow=&#8221;visible&#8221; pointer_events=&#8221;all&#8221;][vc_column_inner column_padding=&#8221;no-extra-padding&#8221; column_padding_tablet=&#8221;inherit&#8221; column_padding_phone=&#8221;inherit&#8221; column_padding_position=&#8221;all&#8221; column_element_direction_desktop=&#8221;default&#8221; column_element_spacing=&#8221;default&#8221; desktop_text_alignment=&#8221;default&#8221; tablet_text_alignment=&#8221;default&#8221; phone_text_alignment=&#8221;default&#8221; background_color_opacity=&#8221;1&#8243; background_hover_color_opacity=&#8221;1&#8243; column_backdrop_filter=&#8221;none&#8221; column_shadow=&#8221;none&#8221; column_border_radius=&#8221;none&#8221; column_link_target=&#8221;_self&#8221; overflow=&#8221;visible&#8221; advanced_gradient_angle=&#8221;0&#8243; gradient_direction=&#8221;left_to_right&#8221; overlay_strength=&#8221;0.3&#8243; width=&#8221;1\/1&#8243; tablet_width_inherit=&#8221;default&#8221; animation_type=&#8221;default&#8221; enable_animation=&#8221;true&#8221; animation=&#8221;fade-in-from-left&#8221; mobile_disable_entrance_animation=&#8221;true&#8221; animation_easing=&#8221;default&#8221; bg_image_animation=&#8221;none&#8221; border_type=&#8221;simple&#8221; column_border_width=&#8221;none&#8221; column_border_style=&#8221;solid&#8221; gradient_type=&#8221;default&#8221; column_padding_type=&#8221;default&#8221;][nectar_responsive_text inherited_font_style=&#8221;h3&#8243; text_direction=&#8221;default&#8221; font_size_desktop=&#8221;60&#8243; font_size_tablet=&#8221;50&#8243; font_size_phone=&#8221;50&#8243; font_line_height=&#8221;1&#8243;]Episode 4 &#8211; The german\u00b4s son[\/nectar_responsive_text][\/vc_column_inner][\/vc_row_inner][divider line_type=&#8221;Full Width Line&#8221; line_thickness=&#8221;1&#8243; divider_color=&#8221;extra-color-1&#8243; divider_opacity=&#8221;41&#8243; animate=&#8221;yes&#8221;][vc_row_inner column_margin=&#8221;none&#8221; column_direction=&#8221;default&#8221; column_direction_tablet=&#8221;default&#8221; column_direction_phone=&#8221;default&#8221; top_padding=&#8221;30px&#8221; bottom_padding=&#8221;50px&#8221; text_align=&#8221;left&#8221; row_position=&#8221;default&#8221; row_position_tablet=&#8221;inherit&#8221; row_position_phone=&#8221;inherit&#8221; overflow=&#8221;visible&#8221; pointer_events=&#8221;all&#8221;][vc_column_inner column_padding=&#8221;no-extra-padding&#8221; column_padding_tablet=&#8221;inherit&#8221; column_padding_phone=&#8221;inherit&#8221; column_padding_position=&#8221;all&#8221; column_element_direction_desktop=&#8221;default&#8221; column_element_spacing=&#8221;default&#8221; desktop_text_alignment=&#8221;default&#8221; tablet_text_alignment=&#8221;default&#8221; phone_text_alignment=&#8221;default&#8221; background_color_opacity=&#8221;1&#8243; background_hover_color_opacity=&#8221;1&#8243; column_backdrop_filter=&#8221;none&#8221; column_shadow=&#8221;none&#8221; column_border_radius=&#8221;none&#8221; column_link_target=&#8221;_self&#8221; overflow=&#8221;visible&#8221; advanced_gradient_angle=&#8221;0&#8243; gradient_direction=&#8221;left_to_right&#8221; overlay_strength=&#8221;0.3&#8243; width=&#8221;1\/1&#8243; tablet_width_inherit=&#8221;default&#8221; animation_type=&#8221;default&#8221; enable_animation=&#8221;true&#8221; animation=&#8221;fade-in-from-bottom&#8221; mobile_disable_entrance_animation=&#8221;true&#8221; animation_easing=&#8221;default&#8221; bg_image_animation=&#8221;none&#8221; border_type=&#8221;simple&#8221; column_border_width=&#8221;none&#8221; column_border_style=&#8221;solid&#8221; gradient_type=&#8221;default&#8221; column_padding_type=&#8221;default&#8221;][vc_raw_html css=&#8221;&#8221;]JTVCcG9kY2FzdF9lcGlzb2RlJTIwZXBpc29kZSUzRCUyMjc2NDMlMjIlMjBjb250ZW50JTNEJTIycGxheWVyJTIyJTVE[\/vc_raw_html][\/vc_column_inner][\/vc_row_inner][vc_row_inner column_margin=&#8221;none&#8221; column_direction=&#8221;default&#8221; column_direction_tablet=&#8221;default&#8221; column_direction_phone=&#8221;default&#8221; bottom_padding=&#8221;40px&#8221; text_align=&#8221;left&#8221; row_position=&#8221;default&#8221; row_position_tablet=&#8221;inherit&#8221; row_position_phone=&#8221;inherit&#8221; overflow=&#8221;visible&#8221; pointer_events=&#8221;all&#8221;][vc_column_inner column_padding=&#8221;no-extra-padding&#8221; column_padding_tablet=&#8221;inherit&#8221; column_padding_phone=&#8221;inherit&#8221; column_padding_position=&#8221;all&#8221; column_element_direction_desktop=&#8221;default&#8221; column_element_spacing=&#8221;default&#8221; desktop_text_alignment=&#8221;default&#8221; tablet_text_alignment=&#8221;default&#8221; phone_text_alignment=&#8221;default&#8221; background_color_opacity=&#8221;1&#8243; background_hover_color_opacity=&#8221;1&#8243; column_backdrop_filter=&#8221;none&#8221; column_shadow=&#8221;none&#8221; column_border_radius=&#8221;none&#8221; column_link_target=&#8221;_self&#8221; overflow=&#8221;visible&#8221; advanced_gradient_angle=&#8221;0&#8243; gradient_direction=&#8221;left_to_right&#8221; overlay_strength=&#8221;0.3&#8243; width=&#8221;1\/1&#8243; tablet_width_inherit=&#8221;default&#8221; animation_type=&#8221;default&#8221; enable_animation=&#8221;true&#8221; animation=&#8221;fade-in-from-bottom&#8221; mobile_disable_entrance_animation=&#8221;true&#8221; animation_easing=&#8221;default&#8221; bg_image_animation=&#8221;none&#8221; border_type=&#8221;simple&#8221; column_border_width=&#8221;none&#8221; column_border_style=&#8221;solid&#8221; gradient_type=&#8221;default&#8221; column_padding_type=&#8221;default&#8221;][nectar_responsive_text inherited_font_style=&#8221;h4&#8243; text_direction=&#8221;default&#8221;]\n<h4>Transcript<\/h4>\n[\/nectar_responsive_text][\/vc_column_inner][\/vc_row_inner][vc_row_inner column_margin=&#8221;40px&#8221; column_direction=&#8221;default&#8221; column_direction_tablet=&#8221;default&#8221; column_direction_phone=&#8221;default&#8221; text_align=&#8221;left&#8221; row_position=&#8221;default&#8221; row_position_tablet=&#8221;inherit&#8221; row_position_phone=&#8221;inherit&#8221; overflow=&#8221;visible&#8221; pointer_events=&#8221;all&#8221;][vc_column_inner column_padding=&#8221;no-extra-padding&#8221; column_padding_tablet=&#8221;inherit&#8221; column_padding_phone=&#8221;inherit&#8221; column_padding_position=&#8221;all&#8221; column_element_direction_desktop=&#8221;default&#8221; column_element_spacing=&#8221;40px&#8221; desktop_text_alignment=&#8221;default&#8221; tablet_text_alignment=&#8221;default&#8221; phone_text_alignment=&#8221;default&#8221; background_color_opacity=&#8221;1&#8243; background_hover_color_opacity=&#8221;1&#8243; column_backdrop_filter=&#8221;none&#8221; column_shadow=&#8221;none&#8221; column_border_radius=&#8221;none&#8221; column_link_target=&#8221;_self&#8221; overflow=&#8221;visible&#8221; advanced_gradient_angle=&#8221;0&#8243; gradient_direction=&#8221;left_to_right&#8221; overlay_strength=&#8221;0.3&#8243; width=&#8221;1\/1&#8243; tablet_width_inherit=&#8221;default&#8221; animation_type=&#8221;default&#8221; bg_image_animation=&#8221;none&#8221; border_type=&#8221;simple&#8221; column_border_width=&#8221;none&#8221; column_border_style=&#8221;solid&#8221; gradient_type=&#8221;default&#8221; column_padding_type=&#8221;default&#8221;][split_line_heading animation_type=&#8221;line-reveal-by-space&#8221; font_style=&#8221;p&#8221; line_reveal_by_space_text_effect=&#8221;scroll-opacity-reveal&#8221; content_alignment=&#8221;default&#8221; mobile_content_alignment=&#8221;inherit&#8221; link_target=&#8221;_self&#8221; text_content=&#8221;Isabel `{`host`}`: Cologne, Germany. 1975.<\/p>\n<p>`{`\u201cIt was a time of pain, of death marches, of endless farewells, of brave resistance\u201d`}`<\/p>\n<p>Isabel: A Spanish singer takes the stage. He\u2019s introduced as Pedro Faura, the singer of anti-Franco resistance.<\/p>\n<p>`{`\u201cIt was a time of guerrilla action, to keep fighting.\u201d`}`<\/p>\n<p>`{`Audience shouting`}`<\/p>\n<p>Isabel: The audience claps, chanting songs most of them don\u2019t understand.<\/p>\n<p>`{`\u201cAnd before giving up your rifle you said: \u2018we will die fighting.\u2019 Let\u2019s raise our weapons, because this war won\u2019t end like this.\u201d`}`<\/p>\n<p>Isabel: Only he\u2019 s not exactly Pedro Faura.<\/p>\n<p>Man: Of course, it wasn\u2019t me anymore. (Laughs) It may seem absurd to you, but I wasn\u2019t myself at the time, although I really was myself (laughs).<\/p>\n<p>`{`\u201cComrades, like them, let\u2019s defend our land.\u201d<\/p>\n<p>`{`Applause`}`<\/p>\n<p>Isabel: And his name isn\u2019t the only false one in this story.<\/p>\n<p>This is an episode about coincidences that cross Europe telling the History, with capital H, of this century. It\u2019s the story of a father and son who lived intersecting lives, but from opposing beliefs. But they didn\u2019t know that, because they never talked about it.<\/p>\n<p>This is a story of silences, and it\u2019s also a story of music.<\/p>\n<p>I\u2019m Isabel Cadenas Ca\u00f1\u00f3n. Welcome to De eso no se habla.<\/p>\n<p>`{`Theme song`}`<\/p>\n<p>Isabel: I\u2019m going to ask you to put it in flight mode. Because\u2026<\/p>\n<p>Man: You\u2019re right. Hold on\u2026<\/p>\n<p>Isabel: We can stop whenever you want, take a break\u2026<\/p>\n<p>Man: No, no, no, I\u2019m good\u2026 Settings.<\/p>\n<p>Isabel: Okay, here we go. So, first I\u2019m going to ask you to introduce yourself.<\/p>\n<p>Bernardo: Well, my name is Bernardo Fuster.<\/p>\n<p>Isabel: I thought it would be fitting to know his real name to tell this story. Although that\u2019s not really his real name, either. Fuster is his second surname.<\/p>\n<p>Bernardo: The first surname is Feuerriegel. It\u2019 s German.<\/p>\n<p>Isabel: F E U E R R I E G E L \u2013 Feuerriegel. It\u2019s a difficult surname.<\/p>\n<p>Bernardo: Even the police spell my name wrong.<\/p>\n<p>Isabel: What does it mean?<\/p>\n<p>Bernardo: Fire lock. Fire bar, more than lock, that is\u2026 But bars, as in bars that close doors.<\/p>\n<p>Isabel: Those bars that close doors explain quite well Bernardo\u2019s relationship with the original Feuerriegel, his father. And they also have a lot to do with this story. When I ask him to tell me who his father was\u2026<\/p>\n<p>Bernardo: My father\u2026 Let\u2019s see. Who was he?<\/p>\n<p>Isabel: Bernardo doesn\u2019t really know what to say to me.<\/p>\n<p>Bernardo: It\u2019s complicated because I know recent things about my father that I didn\u2019t know at first, and they often clash with who I thought my father was, you know?<\/p>\n<p>Isabel: So, for now, and to continue Bernardo\u2019s story, we\u2019re going to stick with who he thought his father was.<\/p>\n<p>Bernardo: I can tell you what I knew, as a child, my father was. My father was a German who had been in the war and then, we don\u2019t know why, ended up in Spain.<\/p>\n<p>Isabel: As to his father\u2019s work, young Bernardo also knew very little.<\/p>\n<p>Bernardo: I had been told he was a music teacher, a music teacher in the German Summer camps during Franco\u2019s time, that is\u2026<\/p>\n<p>Isabel: This wasn\u2019t just anything: during Francoism, and until 1945, these Summer camps for German children in Spain were run directly by the German state through the Hitler Youth. Their aim was to indoctrinate children and young people in Nazi ideology.<\/p>\n<p>Bernardo: Yes, my father was really\u2026 He was a Nazi. I knew he was a Nazi because he never denied it, you know?<\/p>\n<p>Isabel: Bernardo grew up in a house on the outskirts of Ayora, in Valencia. It was a big house, with stone walls and lots of light. It would\u2019ve been an ordinary village house if it weren\u2019t for the fact that on the shelves were portraits of his father dressed as a Nazi soldier, swastikas and other things that Bernardo and his brothers found around the house.<\/p>\n<p>Bernardo: A helmet like that, greenish grey, with\u2026 A little rough and\u2026 Normal, the typical German war helmet. And in a closet there were some uniforms, two uniforms, or one. A uniform and two caps. Which we also played with.<\/p>\n<p>Isabel: But Bernardo doesn\u2019t think his childhood was marked by his father\u2019s ideology.<\/p>\n<p>Bernardo: No, no, not at all.<\/p>\n<p>Isabel: His childhood, he tells me, was marked by something else: music.<\/p>\n<p>Bernardo: In my house there was always music.<\/p>\n<p>Isabel: His father played various instruments and taught him old German songs.<\/p>\n<p>Bernardo: I don\u2019t really know the words, but the music was (humming).<\/p>\n<p>Isabel: And sometimes, when he played the song \u201cLili Marleen\u201d on the accordion, Bernardo saw him cry.<\/p>\n<p>Bernardo: \u201cLili Marleen\u201d is a song that is the essence of defeat. It\u2019s about a woman who\u2019s waiting, leaning on a streetlamp that now barely gives any light, because Germany is absolutely destroyed. And she\u2019s waiting for someone who isn\u2019t going to come. And that image of the dim streetlamp, the woman\u2026 If you\u2019ve lived through a war\u2026 Not in my case, but someone who\u2019s lived through it has to cry.<\/p>\n<p>`{`\u201cCities stay in the memory, with sad eyes and crimson lips. In the light of a streetlamp the bride is still alive. Lili Marleen waits for you in Berlin\u201d`}`<\/p>\n<p>Isabel: Bernardo doesn\u2019t remember when he started singing, but he remembers well his first guitar. He even gave it a name, and it was a name that foreshadowed many things: he called it Revolution 3.<\/p>\n<p>Bernardo: They were really upset about that at my house. \u201cThe Revolution thing\u201d, they said, \u201cBut come on, why do you have to mess up your guitar? Why ruin it by writing that?\u201d And from there on, \u201cWhy do you paint flowers on your jeans?\u201d<\/p>\n<p>Isabel: His parents had reason to worry: that boy who had learned to play the guitar with a song by Luis Aguil\u00e9\u2026<\/p>\n<p>Bernardo: Terrible song, that said\u2026 (Singing) \u201cI know so much about love that I can give advice.\u201d<\/p>\n<p>Isabel: Soon he began to listen to singers who were banned in Franco\u2019s Spain.<\/p>\n<p>Bernardo: Through music I was already moving closer to the stance that was being sung by the singer-songwriters at the time, right? Mainly Paco Ib\u00e1\u00f1ez.<\/p>\n<p>Isabel: And so, a teenager raised by his father to love music transforms, through music, into the opposite of him. In spite of the signs, or perhaps precisely because of them, his parents try to lead him along the right path. And the right path, for his family, seemed to be set by the legacy of Jos\u00e9 Antonio Primo de Rivera, founder of the Falange (the fascist party). His father, for example, brings him along to political events, like the time in 1969 when he took him to the inauguration of a statue in Valencia.<\/p>\n<p>Bernardo: A statue to Jos\u00e9 Antonio was inaugurated on Jos\u00e9 Antonio Avenue. So my father took me to the inauguration. At the end of the act, of the speeches and all that, \u201cCara al sol\u201d (anthem of the fascist party) was sung and I sang the \u201cCara al sol\u201d because I said, everybody\u2019s singing it, so I sang it.<\/p>\n<p>Isabel: Or like when his parents enrolled him in the C\u00edrculos de Jos\u00e9 Antonio, seminars that were held to study the work and legacy of the founder of the Falange. Only those seminars didn\u2019t exactly help to take him down the path his parents expected.<\/p>\n<p>Bernardo: Which, well\u2026 They miscalculated.<\/p>\n<p>Isabel: In those days, the C\u00edrculos de Jos\u00e9 Antonio were one of the few places where you could talk openly about politics, so many anti-Franco organizations sent activists there to infiltrate and try to recruit the youngest.<\/p>\n<p>Bernardo: Of course, because these kids, who were a little older than us, asked you some questions and put doubt in your mind. They explained it to you and you said, \u201cFuck, you\u2019re right.\u201d I think within two months I ended up in an anarchist group.<\/p>\n<p>Isabel: But Bernardo didn\u2019t stay in that group. Only two years after singing \u201cCara al Sol\u201d at the inauguration of the statue of Jos\u00e9 Antonio, Bernardo had already gone through several groups forbidden by the dictatorship:<\/p>\n<p>Bernardo: Then I went to the Young Communists, of the Communist Party. And I had just joined the pro-FRAP committees.<\/p>\n<p>Isabel: The pro-FRAP committees were the local committees of what later became the Revolutionary Anti-Fascist and Patriotic Front, known as the FRAP. It\u2019s quite difficult to define what the FRAP was.<\/p>\n<p>Bernardo: You\u2019re right. Nowadays it\u2019s very difficult to define.<\/p>\n<p>Isabel: But we\u2019re going to try.<\/p>\n<p>Bernardo: The FRAP was an anti-Franco organization\u2026<\/p>\n<p>Isabel: Which was founded in the 1970\u2019s, bringing together several organizations.<\/p>\n<p>Bernardo: Although it was actually controlled by the Communist-Marxist-Leninist Party.<\/p>\n<p>Isabel: Their actions ranged from the famous \u201csaltos\u201d (surprise actions) and the creation and dissemination of propaganda, to robberies, muggings and even several attacks: they\u2019re accused of having killed up to five policemen and civil guards, of which the FRAP takes credit for three.<\/p>\n<p>Bernardo: Yeah, well, it also entered straight into direct attacks on members of the repressive forces, right?<\/p>\n<p>Isabel: Many of its militants were arrested. Three of them were executed on September 27, 1975, along with two members of ETA, in \u201cthe last executions of Francoism.\u201d These executions created such a wave of protest around the world that they are considered a turning point for Francoism to not continue after the death of Franco.<\/p>\n<p>But we\u2019ll talk about that later. Now, let\u2019s go back to 1971: those pro-FRAP committees have just been created and Bernardo has just joined one of them.<\/p>\n<p>And one of the first actions in Valencia was to knock down the statue of Jos\u00e9 Antonio, the one in front of which Bernardo had sung \u201cCara al Sol\u201d. That was also the first action Bernardo participated in. While his counterparts tied the statue to a bus and brought it down, Bernardo took care of the role he had been assigned.<\/p>\n<p>Bernardo: What I had to do was cause a crash with two cars and toss out some pamphlets.<\/p>\n<p>Isabel: The police quickly arrived.<\/p>\n<p>Bernardo: They started shooting into the air and I heard the \u201cpop, pop\u201d of the guns. We all ran off and that was it. The statue was left on the ground.<\/p>\n<p>Isabel: When he returned home, his father was watching the news.<\/p>\n<p>Bernardo: Emilio Romero comes on talking about the event. \u201cSome terrorists, some vandals, have pulled down and\u2026\u201d Giving a totally inflammatory speech, right?<\/p>\n<p>Isabel: And Bernardo said nothing..<\/p>\n<p>Bernardo: I said, \u201cI\u2019ll shut up because I can\u2019t say anything.\u201d And that was a brutal silence on my part. Silence was also a form of going underground. Besides, they taught you that in the organization, that is, not\u2026 \u201cBe very careful with what you say everywhere, because you can\u2019t trust anyone, not even your family, so don\u2019t trust anyone\u201d.\u2026<\/p>\n<p>`{`Beep`}`<\/p>\n<p>`{`\u201cWhere today lives silence, tomorrow there will be dawn, tomorrow there will be dawn\u201d`}`<\/p>\n<p>Isabel: In this story, the other side of silence is always music. While all this was happening, Bernardo began writing his own songs, and the same year they tore down the statue of Jos\u00e9 Antonio, he and several friends invited Paco Ib\u00e1\u00f1ez to sing in their village, Ayora. They put an ox cart as a stage, borrowed sound equipment from the church and Paco Ib\u00e1\u00f1ez, who had just arrived from Paris, sang.<\/p>\n<p>Bernardo: I was there, and I saw how people came in and stood there with their mouths open. And of course, that was exciting.<\/p>\n<p>Isabel: After the concert, his friends and Paco Ib\u00e1\u00f1ez went to Bernardo\u2019s house to keep playing. That day his parents weren\u2019t home and Bernardo had taken the opportunity to hide all the remains of swastikas and all the pictures of his father dressed as a soldier.<\/p>\n<p>Bernardo: I did put that away because I thought, well, going into a house and finding a picture of a soldier in a Nazi uniform is intense.<\/p>\n<p>Isabel: As Bernardo was the host, it was his turn to sing.<\/p>\n<p>Bernardo: It was scary, singing in front of Paco Ib\u00e1\u00f1ez. Fuck, he was God to me (laughs).<\/p>\n<p>Isabel: He sang \u201cDe madrugada,\u201d (At Dawn) one of the songs he had written, a tribute to the militants who had to go underground.<\/p>\n<p>Bernardo: It said \u201cAt dawn, when the sky is red and the path of my life is already marked, I\u2019ll take all the love you\u2019ve given me and will go wake up the sleeper.\u201d That was the beginning. Yes, yes.<\/p>\n<p>Isabel: That day, as he listened to Paco Ib\u00e1\u00f1ez sing, as he himself sang in front of Paco Ib\u00e1\u00f1ez, Bernardo decided that he wanted to be a professional singer.<\/p>\n<p>Bernardo: \u201cCome on, where do I sign? I want to be this.\u201d<\/p>\n<p>Isabel: But it wasn\u2019t that easy. That first action with the statue of Jos\u00e9 Antonio had been followed by many others: mainly, setting up printing presses in clandestine apartments, making propaganda against the regime and distributing it. He was already so deeply involved with the FRAP that the police were looking for him in various places.<\/p>\n<p>Bernardo: In Valencia, in Madrid and in Zaragoza, also, in Asturias, everywhere.<\/p>\n<p>Isabel: So Bernardo had to start living in hiding. And he thought the safest place for that was his grandmother\u2019s house in Madrid.<\/p>\n<p>Bernardo: It was a house that belonged to a totally Francoist family. It was empty because my grandmother had gone to live in a village.<\/p>\n<p>Isabel: Without explaining much to his parents, he got the key and hid there. That house was on General Martinez Campos Street. It was a wealthy neighborhood and his grandmother, a well-heeled lady. Nobody could imagine that that well-mannered grandson from Valencia would keep, in the basement of the building, suitcases full of FRAP propaganda. The doorman of the building, a retired civil guard, helped him carry those suitcases up and down. Bernardo told him they were second-hand books that he was going to sell in the Rastro. And the doorman never suspected him.<\/p>\n<p>Bernardo: No, he never really knew anything about it. I mean, I was a young gentleman.<\/p>\n<p>Isabel: But being hidden meant that Bernardo couldn\u2019t be a singer, or at least couldn\u2019t sing in public because they were looking for him. For the first time in his life, music and politics, which for him had always gone hand in hand, were in opposition to each other.<\/p>\n<p>Bernardo: I had accepted that the struggle was above being a singer. I said, \u201cIf the Republic comes, I\u2019ll sing in public. Until then, no.\u201d<\/p>\n<p>Isabel: So Bernardo decided to sing in a different way: he recorded a tape with no name and passed it on to his friends, underhand, as was done then with tapes that were forbidden by the regime. It circulated so much that one day a friend approached him and offered him a tape to support a strike. It cost five pesetas.<\/p>\n<p>Bernardo: I said \u201cokay, okay\u201d and bought it from him. I put it on at home and flipped out, because it was my tape. And I said, \u201cFuck, it\u2019s really gotten around, it\u2019s already been distributed.\u201d And that also reaffirmed me as a singer. \u201cWell, I\u2019m going to be a singer, the singer that nobody\u2019s going to know, but at least people are going to hear it,\u201d right?<\/p>\n<p>Isabel: His tape reached the FRAP\u2019s leaders. One day they arranged to see him in Madrid to tell him they\u2019d listened to it, they liked it, and they wanted to make him a proposal.<\/p>\n<p>Bernardo: \u201cDo you want to be a singer abroad, in Europe, to sing at rallies and so on? Because it\u2019s very useful for us.\u201d<\/p>\n<p>Isabel: That proposal brought together, once again, politics and music.<\/p>\n<p>Bernardo: The two things came together. I mean, I could still be active in the anti-Franco resistance and I could sing in public.<\/p>\n<p>Isabel: Although, of course, singing in public meant no longer being Bernardo.<\/p>\n<p>Bernardo: They told me, \u201cWell, give yourself a name because you can\u2019t call yourself this anymore.\u201d That\u2019s when I said, \u201cWell, Pedro Faura.\u201d<\/p>\n<p>Isabel: Pedro Faura was a name that, this time, he would be known by in many places. Bernardo was 23 years old. He doesn\u2019t remember how he told his parents, but he knows it wasn\u2019t in person. Since he had joined the FRAP, he barely spoke to them.<\/p>\n<p>Bernardo: My parents knew I was wanted by the police in half of Spain. They knew because, obviously, at some point they went to my house to ask. And so I think I didn\u2019t have to say much.<\/p>\n<p>Isabel: And so, overnight, he took the few things he had and left. Like those militants he had dedicated the song \u201cDe madrugada\u201d to a few years earlier, Bernardo changed his name and country and went underground.<\/p>\n<p>Bernardo: If I think about it, I made a song for myself two years before.<\/p>\n<p>`{`Comrade who goes underground. Another name, another house, other people, but always the same struggle. Here are your streets, your friends, comrades, your long years of struggle, they stay here with us. But you know very well that only by fighting will we not be defeated. We will win!<\/p>\n<p>\u201cAt dawn, when the sky is still red and the path of my life is already marked\u201d`}`<\/p>\n<p>Bernardo: Yes, that\u2019s what they called me, yes (laughs). The FRAP singer.<\/p>\n<p>`{`\u201cI\u2019ll take all the love you\u2019ve given me and will go wake up the sleeper\u201d`}`<\/p>\n<p>Bernardo: I became a singer\u2026 I was going to say professional, no, I became a subversive singer and participated in practically, not all but many, of the rallies and events that were held throughout Europe against the dictatorship.<\/p>\n<p>`{`\u201cRaise your fist, comrades, I want to unleash it now. The time has come to give the people what\u2019s theirs. Raise your fist, comrades, raise your fist, I\u2019m on my way\u201d`}`<\/p>\n<p>Bernardo: First a German singer sang and people clapped a lot for him. Then they would introduce you, \u201cWell, now Pedro Faura from the Spanish resistance is going to sing,\u201d and the theater went wild.<\/p>\n<p>`{`\u201cThe fascists who judge us today will be judged tomorrow\u201d`}`<\/p>\n<p>Bernardo: It was non-stop. I mean, they gave me the list, \u201ctomorrow you go to Milan, the day after tomorrow you have Berlin, then you have another town in Germany, and then you have Denmark, and then\u2026\u201d I mean, I have the agenda from that year at home and I don\u2019t\u2026 I look at it and say \u201cthis isn\u2019t true, I mean, it can\u2019t be, how am I going to go from Stockholm to Frankfurt?\u201d Well, I went from Stockholm to Frankfurt.<\/p>\n<p>Bernardo: In that era, especially after the executions, the support in Europe for the resistance was brutal. And at that time, because of what the FRAP meant, because of the three people who were shot, well, the support was brutal in Europe, right?<\/p>\n<p>`{`\u201cLaborers: Spain, hill by hill, is a land of the poor and the working class. Do not let the rich eat it, laborers!\u201d`}`<\/p>\n<p>Bernardo: I was convinced that what we were doing was going to end the dictatorship.<\/p>\n<p>`{`\u201cThirty years of fascism, death, terror and prison. We will break the chains with our revolution, comrade!\u201d`}`<\/p>\n<p>Bernardo: The armed struggle, well, yes, it had been being said all along, right? I didn\u2019t know at the time how much it meant, what happened next, you know? That is, the line of directly attacking the forces of repression as if they were occupying forces. It created a strong internal discussion, because it was a totally reckless line, without any popular support, without any logic\u2026 Well, without any support.<\/p>\n<p>`{`\u201cWe are the workers who, armed with a rifle, will free Spain from oppression and suffering\u201d`}`<\/p>\n<p>Bernardo: I know the reason I left was because I didn\u2019t agree with this line. I left in \u201976. I have the exact date written down here in a notebook\u2026 It has to be in this part. July 25th. July 25, 1976, which was a Sunday. I put it here. It says \u201cGoodbye FRAP.\u201d (laughs).<\/p>\n<p>Isabel: When he returns to Spain, Bernardo goes to visit his parents in his village, in Ayora. He hasn\u2019t set foot in the family home in years and is a little nervous. He doesn\u2019t know if his parents will ask him about his life abroad, about his concerts against the regime. Just in case, he prepares himself to talk about it.<\/p>\n<p>Bernardo: Then, of course, I was preparing myself, \u201cwell, when they bring it up, I\u2019ll talk about it\u201d.<\/p>\n<p>Isabel: But the days go by and the questions don\u2019t come.<\/p>\n<p>Bernardo: I was amazed. I said, but won\u2019t they ask me anything? And no, it\u2019s as if nothing had happened. No, they never asked me. It wasn\u2019t talked about.<\/p>\n<p>Isabel: I asked Bernardo why he thinks they never said anything to him, but he didn\u2019t know quite what to answer.<\/p>\n<p>Bernardo: It\u2019s something I hadn\u2019t thought about much, you know? I mean, why doesn\u2019t anything come up, this confrontation? I hadn\u2019t thought about it.<\/p>\n<p>Isabel: It was as if at that time Bernardo didn\u2019t have time to think about his parents\u2019 silences. He had enough with his own.<\/p>\n<p>Bernardo: Of course, yes, there\u2019s a very strong identity crisis after 1976, for years. I wondered: , who am I? What do I do? How do I recompose all that ideology I had? In fact, it took me a long time to tell people that I was Pedro Faura.<\/p>\n<p>Isabel: Bernardo didn\u2019t know what to do with those years of activism and, above all, he didn\u2019t know what to do with Pedro Faura. But he did know that he wanted to keep singing. In 1979, three years after his return, he forms the band Suburbano with his friend Luis Mendo and he writes songs like this one\u2026<\/p>\n<p>`{`\u201cOne cold morning Carlos III arrived, with a distinguished air he took off his hat, very slowly he got off his horse and with a deep voice he said to his servant: \u2018There it is, the Puerta de Alcal\u00e1\u2019. There it is, there it is watching time go by\u201d`}`<\/p>\n<p>Isabel: Or this one\u2026<\/p>\n<p>`{`\u201cThat\u2019s why there are commanders, prophets in the pay of temple and knife who sell eternal values and die because, no matter what, the Earth moves.\u201d`}`<\/p>\n<p>Isabel: Or this one.<\/p>\n<p>`{`\u201cMakinavaja, Makipoeta, the last remaining crook, the last prophet. Makinavaja, Makipoeta, the last remaining crook, the last prophet\u201d`}`<\/p>\n<p>Isabel: At the same time, Bernardo started to work as a musician with other groups: he plays with Vainica Doble, with Joaqu\u00edn Sabina, with Luis Eduardo Aute. Some of his colleagues know that he was a member of FRAP, that organization that chose armed struggle, and they joke about it. But none of them know that he had been Pedro Faura, \u201cthe FRAP singer.\u201d This is Susana Martins, his partner for the past 27 years:<\/p>\n<p>Susana: I begin to have a relationship with Bernardo at work, because we were both musicians with Luis Eduardo Aute. And the only thing I knew about Bernardo was that he had been \u201ca terrorist\u201d. That\u2019s what his fellow band members said. They said, \u201cNo, be careful, this one has been a terrorist. Ha, ha, ha.\u201d Period. He never talked about this. When we started to have another kind of relationship, it was a subject we didn\u2019t talk about. It wasn\u2019t talked about.<\/p>\n<p>Isabel: It would take many years for Bernardo to break that silence. It was in 2006, when a friend organized an exhibition about singer-songwriters and asked his permission to exhibit one of his albums as Pedro Faura. Thirty years had needed to go by since his return to Spain, and he needed to receive public recognition to start talking about that part of his past.<\/p>\n<p>But facing the past never comes alone.<\/p>\n<p>In those years, Bernardo began to go more often to his childhood home, where no one lived anymore. His father had died in 1995 and his mother in 2009. The few times he went to visit them while they were alive, Bernardo says that he used to swim in the village pool, eat paella, and at the table they\u2019d talk about the weather, or about music, or about the village gossip, those topics that families talk about when they don\u2019t want to talk about something. When the house became empty, Bernardo began to go there on weekends or on vacation. And there, exploring closets, opening drawers and trunks, he came across that helmet he played with as a child, with the portraits of that military father adorned with swastikas\u2026 And he also found things he had never seen before.<\/p>\n<p>Bernardo: Well, one day I find a huge photo album, I mean, it was a meter wide and half a meter high, you know? With photos pasted in it, everything really well organized. And the cover, which was still\u2026 It was also made of leather, embossed leather, and it had a swastika on it.<\/p>\n<p>Isabel: Bernardo showed me the pictures in that album.<\/p>\n<p>Bernardo: There are all kinds of photos.<\/p>\n<p>Isabel: They were pictures of events in different German schools in Spain.<\/p>\n<p>Bernardo: A children\u2019s choir who have surely sung a lot of songs onstage. In the background you can see a swastika with an eagle and a lot of flags surrounding the choir.<\/p>\n<p>Isabel: Flags\u2026<\/p>\n<p>Bernardo: Nazi flags, clearly, with swastikas. Yes, yes.<\/p>\n<p>Isabel: But also of other acts where you see Nazi soldiers parading through Madrid\u2026<\/p>\n<p>Bernardo: For example, this one is very interesting because at the bullfights sometimes the German forces marched like one more part. You can see it here, in Las Ventas.<\/p>\n<p>Isabel: Or Himmler himself on his visit to Spain in 1940.<\/p>\n<p>Bernardo: This is Himmler.<\/p>\n<p>Isabel: There they were, before his eyes, the long-denied ties between Francoism and Nazism.<\/p>\n<p>Bernardo: Parading through Madrid\u2026<\/p>\n<p>Isabel: Discovering this album, Bernardo is surprised. He doesn\u2019t think it\u2019s normal for a simple music teacher to have photos of so many events, of so many parades, of so many people from the highest Nazi ranks.<\/p>\n<p>Bernardo: Well, this\u2026 He wasn\u2019t a teacher. Or rather, maybe he was a teacher, but a bit more than a teacher, right?<\/p>\n<p>Isabel: And there, in the last pages of that album, was the confirmation of his suspicions.<\/p>\n<p>Bernardo: I found an invitation. \u201cThe Hitler Youth invites you to the concert to be given by the Youth Orchestra of whatever\u2026 Signed, the head of the Youth group in Spain, Bernhard Feuerriegel,\u201d and I said \u201choly shit.\u201d My father was the head of the Hitler Youth in Spain.<\/p>\n<p>Isabel: Bernardo understood that his father had not been just an ordinary soldier who had fought in World War II, nor a simple music teacher who taught classes at the German School, but rather that he had an important position within the Nazi establishment in Spain: between 1944 and 1945, right at the end of the war, he was responsible for the indoctrination of all German children in Spain. And there were many: since World War II began, the German population in Spain had tripled.<\/p>\n<p>There are things that only begin to make sense when you discover a piece of the past you didn\u2019t know about. A secret, a silence, tears welling up when listening to a song\u2026 But there are also pieces of the past that, when revealed, create, above all, new questions.<\/p>\n<p>Bernardo: How does the album end? With a newspaper clipping that says: \u201cPeople the Allies want returned by the Spanish government because they belong to the National Socialist Party.\u201d Then I see the list and my father is on it.<\/p>\n<p>Isabel: Hitler surrendered on May 5, 1945. After the end of World War II, the Allies feared Spain would become a Nazi refuge. They had every reason to believe it: seeing defeat ever closer, Hitler sent thousands of party members to Spain to carry out all kinds of missions. Spain was the neutral country where the largest amount of Nazis took refuge. That\u2019s why the Allies made several lists in which they asked the Spanish government to expel from the country those Germans suspected of belonging to or collaborating with Nazism.<\/p>\n<p>Bernhard Feuerriegel appears on the third of these lists.<\/p>\n<p>According to the newspaper clipping from ABC, he should have embarked in Bilbao on September 1, 1946 and left Spain forever.<\/p>\n<p>But we know that didn\u2019t happen. The last director of the Hitler Youth in Spain stayed in the country, got married, and had Bernardo and his brothers.<\/p>\n<p>How did he do it? Bernardo started to investigate. And he discovered two things. On the one hand, he began to understand a part of our country\u2019s history that today is still hidden: the relationship between Francoism and Nazism. At the same time, he realized there were a number of coincidences linking his life and his father\u2019s life.<\/p>\n<p>Bernardo: Well, look, the first coincidence is that when the war ends, he is wanted by the Allies and during\u2026 on his side. And on my side, during Franco\u2019s regime, I\u2019m wanted by the Political-Social Brigade, by the police.<\/p>\n<p>Isabel: Bernardo discovered that his father had managed to stay in Spain thanks to a network of Nazi concealment. The network was run by Clara Stauffer Loewe, a Spanish woman, daughter of Germans, who was also head of the Secci\u00f3n Femenina `{`the women\u2019s branch of the fascist party`}`. Her network helped more than 800 Nazis stay in Spain. And for this, Clara Stauffer did whatever was necessary: she hid them in the homes of Spanish families close to the regime, provided them with work contracts in friendly companies, obtained false documents\u2026<\/p>\n<p>Bernardo: The second coincidence is that he has to change his name, I have to change my name.<\/p>\n<p>Isabel: Bernardo found the false document the network had given his father: they had invented a new life for him so that he could go unnoticed.<\/p>\n<p>Bernardo: Yes.<\/p>\n<p>Isabel: In that new life his name was Bernardo Fern\u00e1ndez.<\/p>\n<p>Bernardo: Yes, Bernardo Fern\u00e1ndez, yes.<\/p>\n<p>Isabel: Can you read this whole document to me, please?<\/p>\n<p>Bernardo: Well, yes, it\u2019s a document, a card issued by the Falange in Madrid in 1941, when he was in Poland. His name is Bernardo Fern\u00e1ndez, born in Tarragona, single, profession mechanical expert, and he lives at 64 Jos\u00e9 Antonio Avenue in Madrid. Issued in Madrid, 1941, signed, Miguel Primo de Rivera.<\/p>\n<p>Isabel: The next coincidence is that, 30 years apart, father and son hid in the same house in Madrid. Clara Stauffer\u2019s network hid Bernhard in the house of a lady close to the regime. There, Bernhard met that lady\u2019s daughter and they fell in love. A few years later they married and had Bernardo and his brothers. So the lady who had hidden Bernhard became Bernardo\u2019s grandmother, and her house is that house where Bernardo took refuge when the police were looking for him.<\/p>\n<p>Bernardo: It was on Martinez Campos Street. Now 25, previously 21, I think. I was also in hiding in that house. These are things you say, fuck, what\u2019s going on here? I mean, it\u2019s a little bit Twilight Zone (laughs).<\/p>\n<p>Isabel: Bernhard Feuerriegel lived for four years with a fake name. Bernardo doesn\u2019t really know how the process went, but the Allies returned his passport after considering he hadn\u2019t committed blood crimes.<\/p>\n<p>Bernardo: My father was given, once and for all, the German passport again with his real name, and\u2026 He began to live as a normal citizen and traveled to Germany and traveled everywhere.<\/p>\n<p>Isabel: Of the 1,600 Germans named by the Allies, Spain only deported 265. In our country there were many Bernhard Feuerriegels: Nazis who lived quiet lives, without having to give explanations, without being persecuted. According to what Bernardo has discovered, the only time his father seemed to be in danger was during those four years he lived under a fake name. While he was hiding in a farmhouse in the Enguera mountains in Valencia, very close to Ayora, another one of those coincidences that impress Bernardo and seem to weave this story together happened.<\/p>\n<p>Bernardo: Ah well, wait, I don\u2019t know if I\u2019ve told you about the maquis (anti-Franco Spanish guerrillas). When he\u2019s hiding there\u2019s a group of maquis who try to kidnap him. In my case, many years later, I get to know people from that guerrilla group, who were in those mountains\u2026<\/p>\n<p>Isabel: And he was so impressed that he wrote a song for them that became very well known.<\/p>\n<p>Bernardo: If you write \u201cmaquis song, Pedro Faura,\u201d a ton of websites come up.<\/p>\n<p>Isabel: Twenty years after writing this song, when his father died, Bernardo found out that the guerrilla group he had made the song for was the same guerrilla group that had tried to kill his father.<\/p>\n<p>`{`\u201cAnd they went up into the mountains, leaving Ayora at their feet, as far as the mountains of Enguera, fighting as far as Teruel. Fallen comrade, bring your courage and the rifle, for the blood you shed can never die\u201d`}`<\/p>\n<p>Bernardo: Of course, then you think, if that group had taken my father, they would\u2019ve killed him and I wouldn\u2019t have been born. It may seem like a novel, but it\u2019s real.<\/p>\n<p>`{`\u201cNobody leave your weapons, because this is not how a war ends. Let\u2019s go up to the mountains, let\u2019s defend our land!\u201d`}`<\/p>\n<p>Isabel: That song is the song Pedro Faura sang at the beginning of this episode, in Cologne, Germany, in 1975.<\/p>\n<p>`{`Crowd shouting`}`<\/p>\n<p>Isabel: That song was also a perfect way to end this episode: a story about the parallel lives of a father and son that ends as it began, closing a circle.<\/p>\n<p>But this is not a story of parallel lives. The coincidences of Bernardo\u2019s life and his father\u2019s do not indicate lives that repeat, but rather opposite lives. Bernardo was persecuted by a dictatorship. His father was protected by that dictatorship, because he had participated in another one.<\/p>\n<p>As I edited this episode and listened to Bernardo\u2019s hesitations and doubts about his father, I tried to understand why he had never confronted him about his past. So I went to visit him to ask him.<\/p>\n<p>Isabel: I\u2019m having a hard time finishing this story\u2026 Because I don\u2019t understand why you never asked your father anything. Have you thought about this?<\/p>\n<p>Bernardo: Yes, why didn\u2019t I ask him? I did\u2026 I thought about it. But what I also don\u2019t know is why I didn\u2019t ask him anything in particular. You see, it\u2019s as if there had been a kind of pact of silence, of two silences. That is, I don\u2019t tell you anything about what I did and you don\u2019t tell me anything. And that\u2019s how we can hold on and not have a confrontation that would\u2019ve happened, obviously, and also been definitive, right?<\/p>\n<p>Isabel: But you don\u2019t really need someone to be alive to confront them. I asked him if he would do it now, after all he had discovered about his past.<\/p>\n<p>Bernardo: Well\u2026 Yes, I could ask him, but I don\u2019t think his participation was that important. I\u2019m not saying this to excuse him, huh? But I think he was someone, let\u2019s say, totally from the middle or even the lower rank, who at a certain moment, when Germany was already losing the war, was sent here to a place where everything was already lost.<\/p>\n<p>Isabel: As we kept talking, I thought of the generation of Germans the same age as Bernardo, that generation that confronted their parents for having been complicit, by their actions or their silence, in the Holocaust. And of how the \u201cI didn\u2019t get blood on my hands,\u201d the \u201cI didn\u2019t know anything,\u201d were no longer valid as an excuse. I thought of an entire generation that asked their parents where they were and what they did, and in what way they were complicit. And I told this to Bernardo.<\/p>\n<p>Bernardo: The complicity was present in most Germans, of course. Obviously, in people who were from the party much more because they had more information, right? Than the people on the street. But\u2026 I don\u2019t know exactly. I haven\u2019t asked myself that question very deeply. Maybe I\u2019ll ask it now (laughs).<\/p>\n<p>Isabel: As I returned home, I thought that Bernardo and I don\u2019t live in Germany. There they even have a word for that process in which society asked itself about the responsibility that each person, each collective, each institution had in Nazism. And I thought that here, in our country, we had never done that process. Here we had rather the opposite: that agreed upon silence between Bernardo and his father was not just something between Bernardo and his father, but something much more collective. It was the silence that made Bernardo hide the songs of Pedro Faura. And maybe it was the same silence that made Bernardo not want to do this podcast and I had to convince him. That silence which, we were told, it was much easier to live with.<\/p>\n<p>When I got home, Bernardo had sent me this message.<\/p>\n<p>Bernardo: Hi Isabel. Look, I\u2019ve been thinking for a while about some of the issues that have come up while we spoke. I had a series of doubts and I thought, this has to be for a reason. And in the end, look, I\u2019ve come to a conclusion. In Spain there was a silence, a silence for which a series of things could no longer be asked about. It was much better to turn the page. So\u2026 This brought up, for me, well, that all my time as Pedro Faura became something that hadn\u2019t existed, right? It wasn\u2019t\u2026 The usual thing wasn\u2019t to ask. The normal thing was to ignore it. And that\u2019s why I\u2019m re-recording some of these songs now. It\u2019s really a way of recovering that silence that had disastrous consequences because we were denied a part of History. And that\u2019s what I\u2019ve come to, I don\u2019t know if this reflection is of any use to you. Thank you.<\/p>\n<p>Isabel: I\u2019m Isabel Cadenas Ca\u00f1\u00f3n and we don\u2019t talk about that\u2026 Or else we do.<\/p>\n<p>The production, the script and the editing of this episode have been done by me. Laura Casielles is our text editor, and Vanessa Rousselot, our script editor. Our editing assistant is Paula Morais, who assists us in almost everything else too. The sound design is by me and Marcos Salso, and our sound studio is Isol\u00e9 Divisi\u00f3n Sonora. Laura Casielles is in charge of communication. The illustration of this episode is by Carmen C\u00e1ceres and our theme is by Alva Noto and Ryuichi Sakamoto. And the rest of the songs in this episode are, of course, by Bernardo Fuster, either as Suburbano or Pedro Faura.<\/p>\n<p>Thanks to Emilio Silva for putting us in touch with Bernardo and to Manuel Maroto for his help in the research of this story. Thanks to all the people who have listened to this episode and helped us to make it better: we have added your names in the acknowledgements section of our website.<\/p>\n<p>If you want to know more about Bernardo\u2019s story, in the extra materials section of our website we have included photos, videos, songs and more.<\/p>\n<p>If you have a story of silences, talk to us. On our website, www.deesonosehabla.com, you can subscribe to our newsletter, listen to the rest of the episodes or send us a voice or text message, or an email. We are also on Twitter, Instagram and Facebook and you know how much we love to talk. If you liked this episode, recommend it to your friends and subscribe to our channels. You can even leave us a rating.<\/p>\n<p>De eso no se habla is produced in the proud neighborhood of Lavapi\u00e9s, in Madrid, thanks to the support of PRX \u2013 Public Radio Exchange \u2013 and the Google Podcasts Creator Program.<\/p>\n<p>We\u2019ll be back in two weeks.<\/p>\n<p>Thanks for listening.<\/p>\n<p>`{`Guitar chords`}`<\/p>\n<p>Bernardo (singing): \u201cBreak the silence and throw your song to the wind, there are no chains to silence the voice of your feelings. If you do not sing, companion, you see death cornering you. A song that is not for everyone, is neither song nor hope\u201d.<\/p>\n<p>Bernardo: I don\u2019t remember the third verse.<\/p>\n<p>Isabel: What a song that is, huh? For this story.<\/p>\n<p>Bernardo: Yes, the truth is, look, that\u2019s the first song we did as Suburbano. You can say, and why that one? Well, we started the group and we didn\u2019t have any songs and I said, \u201cWell, I can make one\u201d. And I did that song which is the first song that Suburbano recorded, \u201cRompe a golpes el silencio\u201d (Break the Silence). I still hadn\u2019t broken it at that time.<\/p>\n<p>Isabel: Wow, Bernardo, are you really telling me this?<\/p>\n<p>Bernardo: Yes, yes.&#8221; text_direction=&#8221;default&#8221;][\/split_line_heading][\/vc_column_inner][\/vc_row_inner][divider line_type=&#8221;Full Width Line&#8221; line_thickness=&#8221;1&#8243; divider_color=&#8221;extra-color-1&#8243; divider_opacity=&#8221;41&#8243; animate=&#8221;yes&#8221;][\/vc_column][\/vc_row]\n","protected":false},"excerpt":{"rendered":"excerpt","protected":false},"author":1,"featured_media":6401,"parent":7631,"menu_order":0,"comment_status":"closed","ping_status":"closed","template":"","meta":{"episode_type":"","audio_file":"","cover_image":"","cover_image_id":"","duration":"","filesize":"","date_recorded":"","explicit":"","block":"","itunes_episode_number":"","itunes_title":"","itunes_season_number":"","itunes_episode_type":"","filesize_raw":"","footnotes":""},"class_list":["post-7690","page","type-page","status-publish","has-post-thumbnail"],"yoast_head":"<!-- This site is optimized with the Yoast SEO plugin v26.8 - https:\/\/yoast.com\/product\/yoast-seo-wordpress\/ -->\n<title>Transcript &quot;The german\u00b4s son&quot; - De eso no se habla<\/title>\n<meta name=\"robots\" content=\"index, follow, max-snippet:-1, max-image-preview:large, max-video-preview:-1\" \/>\n<link rel=\"canonical\" href=\"https:\/\/www.deesonosehabla.com\/en\/season-1\/transcript-the-germans-son\/\" \/>\n<meta property=\"og:locale\" content=\"en_US\" \/>\n<meta property=\"og:type\" content=\"article\" \/>\n<meta property=\"og:title\" content=\"Transcript &quot;The german\u00b4s son&quot; - De eso no se habla\" \/>\n<meta property=\"og:description\" content=\"[vc_row type=&#8221;full_width_background&#8221; full_screen_row_position=&#8221;middle&#8221; column_margin=&#8221;80px&#8221; column_direction=&#8221;default&#8221; column_direction_tablet=&#8221;default&#8221; column_direction_phone=&#8221;default&#8221; bg_image=&#8221;7220&#8243; bg_position=&#8221;center top&#8221; background_image_loading=&#8221;lazy-load&#8221; bg_repeat=&#8221;repeat&#8221; scene_position=&#8221;center&#8221; top_padding=&#8221;2%&#8221; constrain_group_1=&#8221;yes&#8221; bottom_padding=&#8221;2%&#8221; constrain_group_2=&#8221;yes&#8221; top_padding_phone=&#8221;60&#8243; text_color=&#8221;dark&#8221; text_align=&#8221;left&#8221; row_border_radius=&#8221;none&#8221; row_border_radius_applies=&#8221;bg&#8221; overflow=&#8221;visible&#8221; enable_gradient=&#8221;true&#8221; color_overlay=&#8221;#ffffff&#8221; color_overlay_2=&#8221;#ffffff&#8221; advanced_gradient_angle=&#8221;0&#8243; overlay_strength=&#8221;0.8&#8243; gradient_direction=&#8221;top_to_bottom&#8221; shape_divider_position=&#8221;bottom&#8221;...\" \/>\n<meta property=\"og:url\" content=\"https:\/\/www.deesonosehabla.com\/en\/season-1\/transcript-the-germans-son\/\" \/>\n<meta property=\"og:site_name\" content=\"De eso no se habla\" \/>\n<meta property=\"article:publisher\" content=\"https:\/\/www.facebook.com\/deesonosehablapodcast\/\" \/>\n<meta property=\"article:modified_time\" content=\"2025-05-27T18:52:35+00:00\" \/>\n<meta property=\"og:image\" content=\"https:\/\/www.deesonosehabla.com\/wp-content\/uploads\/2020\/08\/episodio_0_img.jpg\" \/>\n\t<meta property=\"og:image:width\" content=\"600\" \/>\n\t<meta property=\"og:image:height\" content=\"600\" \/>\n\t<meta property=\"og:image:type\" content=\"image\/jpeg\" \/>\n<meta name=\"twitter:card\" content=\"summary_large_image\" \/>\n<meta name=\"twitter:image\" content=\"https:\/\/www.deesonosehabla.com\/wp-content\/uploads\/2020\/08\/episodio_0_img.jpg\" \/>\n<meta name=\"twitter:site\" content=\"@deesono_podcast\" \/>\n<meta name=\"twitter:label1\" content=\"Est. reading time\" \/>\n\t<meta name=\"twitter:data1\" content=\"32 minutes\" \/>\n<script type=\"application\/ld+json\" class=\"yoast-schema-graph\">{\"@context\":\"https:\/\/schema.org\",\"@graph\":[{\"@type\":\"WebPage\",\"@id\":\"https:\/\/www.deesonosehabla.com\/en\/season-1\/transcript-the-germans-son\/\",\"url\":\"https:\/\/www.deesonosehabla.com\/en\/season-1\/transcript-the-germans-son\/\",\"name\":\"Transcript \\\"The german\u00b4s son\\\" - De eso no se habla\",\"isPartOf\":{\"@id\":\"http:\/\/www.deesonosehabla.com\/#website\"},\"primaryImageOfPage\":{\"@id\":\"https:\/\/www.deesonosehabla.com\/en\/season-1\/transcript-the-germans-son\/#primaryimage\"},\"image\":{\"@id\":\"https:\/\/www.deesonosehabla.com\/en\/season-1\/transcript-the-germans-son\/#primaryimage\"},\"thumbnailUrl\":\"https:\/\/www.deesonosehabla.com\/wp-content\/uploads\/2025\/05\/episodio-4.webp\",\"datePublished\":\"2025-05-06T08:09:39+00:00\",\"dateModified\":\"2025-05-27T18:52:35+00:00\",\"breadcrumb\":{\"@id\":\"https:\/\/www.deesonosehabla.com\/en\/season-1\/transcript-the-germans-son\/#breadcrumb\"},\"inLanguage\":\"en-US\",\"potentialAction\":[{\"@type\":\"ReadAction\",\"target\":[\"https:\/\/www.deesonosehabla.com\/en\/season-1\/transcript-the-germans-son\/\"]}]},{\"@type\":\"ImageObject\",\"inLanguage\":\"en-US\",\"@id\":\"https:\/\/www.deesonosehabla.com\/en\/season-1\/transcript-the-germans-son\/#primaryimage\",\"url\":\"https:\/\/www.deesonosehabla.com\/wp-content\/uploads\/2025\/05\/episodio-4.webp\",\"contentUrl\":\"https:\/\/www.deesonosehabla.com\/wp-content\/uploads\/2025\/05\/episodio-4.webp\",\"width\":1280,\"height\":1280,\"caption\":\"De eso no se habla - Ep4\"},{\"@type\":\"BreadcrumbList\",\"@id\":\"https:\/\/www.deesonosehabla.com\/en\/season-1\/transcript-the-germans-son\/#breadcrumb\",\"itemListElement\":[{\"@type\":\"ListItem\",\"position\":1,\"name\":\"Portada\",\"item\":\"https:\/\/www.deesonosehabla.com\/en\/\"},{\"@type\":\"ListItem\",\"position\":2,\"name\":\"Season 1\",\"item\":\"https:\/\/www.deesonosehabla.com\/en\/season-1\/\"},{\"@type\":\"ListItem\",\"position\":3,\"name\":\"Transcript &#8220;The german\u00b4s son&#8221;\"}]},{\"@type\":\"WebSite\",\"@id\":\"http:\/\/www.deesonosehabla.com\/#website\",\"url\":\"http:\/\/www.deesonosehabla.com\/\",\"name\":\"De eso no se habla\",\"description\":\"Podcast\",\"publisher\":{\"@id\":\"http:\/\/www.deesonosehabla.com\/#organization\"},\"potentialAction\":[{\"@type\":\"SearchAction\",\"target\":{\"@type\":\"EntryPoint\",\"urlTemplate\":\"http:\/\/www.deesonosehabla.com\/?s={search_term_string}\"},\"query-input\":{\"@type\":\"PropertyValueSpecification\",\"valueRequired\":true,\"valueName\":\"search_term_string\"}}],\"inLanguage\":\"en-US\"},{\"@type\":\"Organization\",\"@id\":\"http:\/\/www.deesonosehabla.com\/#organization\",\"name\":\"De eso no se habla\",\"url\":\"http:\/\/www.deesonosehabla.com\/\",\"logo\":{\"@type\":\"ImageObject\",\"inLanguage\":\"en-US\",\"@id\":\"http:\/\/www.deesonosehabla.com\/#\/schema\/logo\/image\/\",\"url\":\"https:\/\/www.deesonosehabla.com\/wp-content\/uploads\/2020\/02\/circle-cropped.png\",\"contentUrl\":\"https:\/\/www.deesonosehabla.com\/wp-content\/uploads\/2020\/02\/circle-cropped.png\",\"width\":400,\"height\":400,\"caption\":\"De eso no se habla\"},\"image\":{\"@id\":\"http:\/\/www.deesonosehabla.com\/#\/schema\/logo\/image\/\"},\"sameAs\":[\"https:\/\/www.facebook.com\/deesonosehablapodcast\/\",\"https:\/\/x.com\/deesono_podcast\",\"https:\/\/www.instagram.com\/deesonosehabla_podcast\/\"]}]}<\/script>\n<!-- \/ Yoast SEO plugin. -->","yoast_head_json":{"title":"Transcript \"The german\u00b4s son\" - De eso no se habla","robots":{"index":"index","follow":"follow","max-snippet":"max-snippet:-1","max-image-preview":"max-image-preview:large","max-video-preview":"max-video-preview:-1"},"canonical":"https:\/\/www.deesonosehabla.com\/en\/season-1\/transcript-the-germans-son\/","og_locale":"en_US","og_type":"article","og_title":"Transcript \"The german\u00b4s son\" - De eso no se habla","og_description":"[vc_row type=&#8221;full_width_background&#8221; full_screen_row_position=&#8221;middle&#8221; column_margin=&#8221;80px&#8221; column_direction=&#8221;default&#8221; column_direction_tablet=&#8221;default&#8221; column_direction_phone=&#8221;default&#8221; bg_image=&#8221;7220&#8243; bg_position=&#8221;center top&#8221; background_image_loading=&#8221;lazy-load&#8221; bg_repeat=&#8221;repeat&#8221; scene_position=&#8221;center&#8221; top_padding=&#8221;2%&#8221; constrain_group_1=&#8221;yes&#8221; bottom_padding=&#8221;2%&#8221; constrain_group_2=&#8221;yes&#8221; top_padding_phone=&#8221;60&#8243; text_color=&#8221;dark&#8221; text_align=&#8221;left&#8221; row_border_radius=&#8221;none&#8221; row_border_radius_applies=&#8221;bg&#8221; overflow=&#8221;visible&#8221; enable_gradient=&#8221;true&#8221; color_overlay=&#8221;#ffffff&#8221; color_overlay_2=&#8221;#ffffff&#8221; advanced_gradient_angle=&#8221;0&#8243; overlay_strength=&#8221;0.8&#8243; gradient_direction=&#8221;top_to_bottom&#8221; shape_divider_position=&#8221;bottom&#8221;...","og_url":"https:\/\/www.deesonosehabla.com\/en\/season-1\/transcript-the-germans-son\/","og_site_name":"De eso no se habla","article_publisher":"https:\/\/www.facebook.com\/deesonosehablapodcast\/","article_modified_time":"2025-05-27T18:52:35+00:00","og_image":[{"width":600,"height":600,"url":"https:\/\/www.deesonosehabla.com\/wp-content\/uploads\/2020\/08\/episodio_0_img.jpg","type":"image\/jpeg"}],"twitter_card":"summary_large_image","twitter_image":"https:\/\/www.deesonosehabla.com\/wp-content\/uploads\/2020\/08\/episodio_0_img.jpg","twitter_site":"@deesono_podcast","twitter_misc":{"Est. reading time":"32 minutes"},"schema":{"@context":"https:\/\/schema.org","@graph":[{"@type":"WebPage","@id":"https:\/\/www.deesonosehabla.com\/en\/season-1\/transcript-the-germans-son\/","url":"https:\/\/www.deesonosehabla.com\/en\/season-1\/transcript-the-germans-son\/","name":"Transcript \"The german\u00b4s son\" - De eso no se habla","isPartOf":{"@id":"http:\/\/www.deesonosehabla.com\/#website"},"primaryImageOfPage":{"@id":"https:\/\/www.deesonosehabla.com\/en\/season-1\/transcript-the-germans-son\/#primaryimage"},"image":{"@id":"https:\/\/www.deesonosehabla.com\/en\/season-1\/transcript-the-germans-son\/#primaryimage"},"thumbnailUrl":"https:\/\/www.deesonosehabla.com\/wp-content\/uploads\/2025\/05\/episodio-4.webp","datePublished":"2025-05-06T08:09:39+00:00","dateModified":"2025-05-27T18:52:35+00:00","breadcrumb":{"@id":"https:\/\/www.deesonosehabla.com\/en\/season-1\/transcript-the-germans-son\/#breadcrumb"},"inLanguage":"en-US","potentialAction":[{"@type":"ReadAction","target":["https:\/\/www.deesonosehabla.com\/en\/season-1\/transcript-the-germans-son\/"]}]},{"@type":"ImageObject","inLanguage":"en-US","@id":"https:\/\/www.deesonosehabla.com\/en\/season-1\/transcript-the-germans-son\/#primaryimage","url":"https:\/\/www.deesonosehabla.com\/wp-content\/uploads\/2025\/05\/episodio-4.webp","contentUrl":"https:\/\/www.deesonosehabla.com\/wp-content\/uploads\/2025\/05\/episodio-4.webp","width":1280,"height":1280,"caption":"De eso no se habla - Ep4"},{"@type":"BreadcrumbList","@id":"https:\/\/www.deesonosehabla.com\/en\/season-1\/transcript-the-germans-son\/#breadcrumb","itemListElement":[{"@type":"ListItem","position":1,"name":"Portada","item":"https:\/\/www.deesonosehabla.com\/en\/"},{"@type":"ListItem","position":2,"name":"Season 1","item":"https:\/\/www.deesonosehabla.com\/en\/season-1\/"},{"@type":"ListItem","position":3,"name":"Transcript &#8220;The german\u00b4s son&#8221;"}]},{"@type":"WebSite","@id":"http:\/\/www.deesonosehabla.com\/#website","url":"http:\/\/www.deesonosehabla.com\/","name":"De eso no se habla","description":"Podcast","publisher":{"@id":"http:\/\/www.deesonosehabla.com\/#organization"},"potentialAction":[{"@type":"SearchAction","target":{"@type":"EntryPoint","urlTemplate":"http:\/\/www.deesonosehabla.com\/?s={search_term_string}"},"query-input":{"@type":"PropertyValueSpecification","valueRequired":true,"valueName":"search_term_string"}}],"inLanguage":"en-US"},{"@type":"Organization","@id":"http:\/\/www.deesonosehabla.com\/#organization","name":"De eso no se habla","url":"http:\/\/www.deesonosehabla.com\/","logo":{"@type":"ImageObject","inLanguage":"en-US","@id":"http:\/\/www.deesonosehabla.com\/#\/schema\/logo\/image\/","url":"https:\/\/www.deesonosehabla.com\/wp-content\/uploads\/2020\/02\/circle-cropped.png","contentUrl":"https:\/\/www.deesonosehabla.com\/wp-content\/uploads\/2020\/02\/circle-cropped.png","width":400,"height":400,"caption":"De eso no se habla"},"image":{"@id":"http:\/\/www.deesonosehabla.com\/#\/schema\/logo\/image\/"},"sameAs":["https:\/\/www.facebook.com\/deesonosehablapodcast\/","https:\/\/x.com\/deesono_podcast","https:\/\/www.instagram.com\/deesonosehabla_podcast\/"]}]}},"_links":{"self":[{"href":"https:\/\/www.deesonosehabla.com\/en\/wp-json\/wp\/v2\/pages\/7690","targetHints":{"allow":["GET"]}}],"collection":[{"href":"https:\/\/www.deesonosehabla.com\/en\/wp-json\/wp\/v2\/pages"}],"about":[{"href":"https:\/\/www.deesonosehabla.com\/en\/wp-json\/wp\/v2\/types\/page"}],"author":[{"embeddable":true,"href":"https:\/\/www.deesonosehabla.com\/en\/wp-json\/wp\/v2\/users\/1"}],"replies":[{"embeddable":true,"href":"https:\/\/www.deesonosehabla.com\/en\/wp-json\/wp\/v2\/comments?post=7690"}],"version-history":[{"count":2,"href":"https:\/\/www.deesonosehabla.com\/en\/wp-json\/wp\/v2\/pages\/7690\/revisions"}],"predecessor-version":[{"id":7706,"href":"https:\/\/www.deesonosehabla.com\/en\/wp-json\/wp\/v2\/pages\/7690\/revisions\/7706"}],"up":[{"embeddable":true,"href":"https:\/\/www.deesonosehabla.com\/en\/wp-json\/wp\/v2\/pages\/7631"}],"wp:featuredmedia":[{"embeddable":true,"href":"https:\/\/www.deesonosehabla.com\/en\/wp-json\/wp\/v2\/media\/6401"}],"wp:attachment":[{"href":"https:\/\/www.deesonosehabla.com\/en\/wp-json\/wp\/v2\/media?parent=7690"}],"curies":[{"name":"wp","href":"https:\/\/api.w.org\/{rel}","templated":true}]}}